{"id":4801,"date":"2022-06-07T13:03:24","date_gmt":"2022-06-07T13:03:24","guid":{"rendered":"https:\/\/sinasefesm.com\/?page_id=4801"},"modified":"2025-11-20T10:53:10","modified_gmt":"2025-11-20T13:53:10","slug":"diretoria","status":"publish","type":"page","link":"https:\/\/sinasefesm.com\/index.php\/diretoria\/","title":{"rendered":"Diretoria"},"content":{"rendered":"\n<h2 class=\"wp-block-heading\">Diretoria do SINASEFE \u2013 Se\u00e7\u00e3o Sindical de Santa Maria\/RS<\/h2>\n\n\n\n<p><strong>Gest\u00e3o 2025\/2027<\/strong><\/p>\n\n\n\n<h3 class=\"wp-block-heading\">Coordena\u00e7\u00e3o Geral<\/h3>\n\n\n\n<ul class=\"wp-block-list\">\n<li><strong>Ad\u00e3o Ant\u00f4nio Pillar Damasceno<\/strong><\/li>\n\n\n\n<li><strong>Cl\u00e1udia Let\u00edcia de Castro do Amaral<\/strong><\/li>\n\n\n\n<li><strong>Jane Aparecida Flor\u00eancio<\/strong><\/li>\n<\/ul>\n\n\n\n<h3 class=\"wp-block-heading\">Tesouraria<\/h3>\n\n\n\n<ul class=\"wp-block-list\">\n<li><strong>Tesoureiro Geral:<\/strong> Eduardo Alves Oliveira<\/li>\n\n\n\n<li><strong>Primeiro Tesoureiro:<\/strong> Cla\u00fadio Renato Schlessner Kelling<\/li>\n<\/ul>\n\n\n\n<h3 class=\"wp-block-heading\">Secretarias<\/h3>\n\n\n\n<ul class=\"wp-block-list\">\n<li><strong>Secretaria Geral:<\/strong> Deise Redin Mack<\/li>\n\n\n\n<li><strong>Secretaria de Administra\u00e7\u00e3o:<\/strong> Lidiane Bittencourt Barroso<\/li>\n\n\n\n<li><strong>Secretaria de Carreira e de Rela\u00e7\u00e3o de Trabalho:<\/strong>\n<ul class=\"wp-block-list\">\n<li>Cassiana Marques da Silva<\/li>\n\n\n\n<li>Mariglei Severo Maraschin<\/li>\n<\/ul>\n<\/li>\n\n\n\n<li><strong>Secretaria de Comunica\u00e7\u00e3o, Forma\u00e7\u00e3o Pol\u00edtica e Sindical:<\/strong> Miriane Costa Fonseca<\/li>\n\n\n\n<li><strong>Secretaria de Assuntos Legislativos e Jur\u00eddicos:<\/strong> Jos\u00e9 Ab\u00edlio Lima de Freitas<\/li>\n\n\n\n<li><strong>Secretaria de Pessoal:<\/strong> Rodrigo Buske<\/li>\n\n\n\n<li><strong>Secretaria de Aposentados:<\/strong> Milton Maximo Ferrari<\/li>\n<\/ul>\n\n\n\n<hr class=\"wp-block-separator has-alpha-channel-opacity\"\/>\n\n\n\n<h2 class=\"wp-block-heading\">Conselho Fiscal<\/h2>\n\n\n\n<p><strong>Gest\u00e3o 2025\/2027<\/strong><\/p>\n\n\n\n<ul class=\"wp-block-list\">\n<li>Adriana Silveira Bonum\u00e1 Bortolini<\/li>\n\n\n\n<li>Alejandro Lezcano Schwarzkopf<\/li>\n\n\n\n<li>Claudio Rodrigues do Nascimento<\/li>\n<\/ul>\n","protected":false},"excerpt":{"rendered":"<p>Diretoria do SINASEFE \u2013 Se\u00e7\u00e3o Sindical de Santa Maria\/RS Gest\u00e3o 2025\/2027 Coordena\u00e7\u00e3o Geral Tesouraria Secretarias Conselho Fiscal Gest\u00e3o 2025\/2027<\/p>\n","protected":false},"author":1,"featured_media":0,"parent":0,"menu_order":0,"comment_status":"closed","ping_status":"closed","template":"","meta":{"footnotes":""},"class_list":["post-4801","page","type-page","status-publish"],"_links":{"self":[{"href":"https:\/\/sinasefesm.com\/index.php\/wp-json\/wp\/v2\/pages\/4801","targetHints":{"allow":["GET"]}}],"collection":[{"href":"https:\/\/sinasefesm.com\/index.php\/wp-json\/wp\/v2\/pages"}],"about":[{"href":"https:\/\/sinasefesm.com\/index.php\/wp-json\/wp\/v2\/types\/page"}],"author":[{"embeddable":true,"href":"https:\/\/sinasefesm.com\/index.php\/wp-json\/wp\/v2\/users\/1"}],"replies":[{"embeddable":true,"href":"https:\/\/sinasefesm.com\/index.php\/wp-json\/wp\/v2\/comments?post=4801"}],"version-history":[{"count":3,"href":"https:\/\/sinasefesm.com\/index.php\/wp-json\/wp\/v2\/pages\/4801\/revisions"}],"predecessor-version":[{"id":7814,"href":"https:\/\/sinasefesm.com\/index.php\/wp-json\/wp\/v2\/pages\/4801\/revisions\/7814"}],"wp:attachment":[{"href":"https:\/\/sinasefesm.com\/index.php\/wp-json\/wp\/v2\/media?parent=4801"}],"curies":[{"name":"wp","href":"https:\/\/api.w.org\/{rel}","templated":true}]}}